{"id":21661,"date":"2015-02-25T23:41:18","date_gmt":"2015-02-25T23:41:18","guid":{"rendered":"http:\/\/clarasaccone.com?page_id=21661"},"modified":"2026-03-22T16:34:52","modified_gmt":"2026-03-22T19:34:52","slug":"biografia","status":"publish","type":"page","link":"http:\/\/clarasaccone.com\/?page_id=21661","title":{"rendered":"BIOGRAFIA"},"content":{"rendered":"<p>[vc_row][vc_column][vc_single_image image=\u00bb22801&#8243; img_size=\u00bblarge\u00bb alignment=\u00bbcenter\u00bb][vc_empty_space height=\u00bb20px\u00bb][\/vc_column][\/vc_row][vc_row][vc_column width=\u00bb1\/2&#8243;][vc_column_text]<\/p>\n<h4 class=\"font_8\">Cine\/Films<\/h4>\n<p class=\"font_8\">2014\u00a0<strong>La sombra en la ventana<\/strong> &#8211; Sandra &#8211; Dir. Gustavo Dardo Provitina &#8211; Prod: On Produccion<\/p>\n<h4 class=\"font_8\"><strong>Televisi\u00f3n<\/strong><\/h4>\n<p class=\"font_8\">2019\/2020\/2021\u00a0<strong>Nivis, amigos de otro mundo<\/strong> &#8211; Personaje: Flor &#8211; Disney Junior Latinoamerica &#8211; Temporada 1-2<\/p>\n<p class=\"font_8\">2019\u00a0<strong>El Host<\/strong>\u00a0&#8211; Temporada 2 &#8211; Fox<\/p>\n<p class=\"font_8\">2015 <strong>La Leona<\/strong> &#8211; Telefe<\/p>\n<p class=\"font_8\">2013 <strong>LSD &#8211; Duro de Domar<\/strong> &#8211; Canal 9<\/p>\n<p class=\"font_8\">2013<strong> Mi Amor Mi Amor<\/strong>\u00a0 &#8211; Telefe<\/p>\n<h4 class=\"font_8\">\u00a0<\/h4>\n<h4 class=\"font_8\">Teatro\/Theatre<\/h4>\n<p class=\"font_8\">2026 <strong>Al fin y al cabo es mi vida <\/strong>\u00a0&#8211; Dra Hill &#8211; Gira Nacional<\/p>\n<p class=\"font_8\"><br \/>2024\/2025 <strong>El cuarto de Ver\u00f3nica<\/strong> &#8211; La chica &#8211; Teatro Metropolitan, Teatro Roxy Mar del Plata &amp; Gira Nacional<\/p>\n<p class=\"font_8\">2017\/2018\u00a0<strong>Mis perlas con mis rulos\u00a0<\/strong>&#8211; Libertad Salinas &#8211; Dir. Nesti Dominguez\/ Repositor: Franco La Pietra &#8211; Teatro El Sabato Espacio Cultural \/ El Club del Teatro Mar del Plata<\/p>\n<p class=\"font_8\">2014 <strong>Mas que Tap\u00a0<\/strong>. Teatro El Nacional. Dir: Ale Lavallen.<\/p>\n<p class=\"font_8\">2014<strong> Ego<\/strong> &#8211; Clara &#8211; Dir. Diego Beares &#8211; Teatro Piccolino<\/p>\n<p class=\"font_8\">2012\u00a0<strong>La Soledad<\/strong> &#8211; Eugenia &#8211; Dir. Diego Beares &#8211; Teatro El Piccolino<\/p>\n<p class=\"font_8\">2009 <strong>Las Despotas<\/strong> &#8211; Jane Seymour &#8211; Dir. Nicol\u00e1s Perez Costa &#8211; Teatro Broadway II<\/p>\n<p class=\"font_8\">2008 <strong>Barbie Live<\/strong> &#8211; Reemplazo Gothel y ensamble &#8211; Dir. Leandro Panetta &#8211; Teatro Opera y Gira Nacional e Internacional (Mexico, Peru, Uruguay)<\/p>\n<p class=\"font_8\">2007 <strong>Tributo a Madonna<\/strong> &#8211; Madonna y ensamble &#8211; Dir. Alma Farinelli &#8211; Teatro De la Comedia\/ Teatro Variedades Concert<\/p>\n<h4 class=\"font_8\">\u00a0<\/h4>\n<h4 class=\"font_8\">\u00a0<\/h4>\n<h4 class=\"font_8\"><strong>Videoclips<\/strong><\/h4>\n<p class=\"font_8\">2022 <b>Nunca soltamos\u00a0<\/b>&#8211;\u00a0Mya &amp; Abel Pintos. Prod: Coda Films &#8211; Dir: Fede Logo y Migue Vazquez<\/p>\n<p class=\"font_8\">2018 <strong>Que vas a hacer<\/strong> &#8211; Ricardo Montaner<\/p>\n<p class=\"font_8\">2016<strong> Sacame a Bailar<\/strong> &#8211; Bonus Track &#8211; Dir. Whaire<\/p>\n<p class=\"font_8\">2013<strong> Mystic Soul<\/strong> &#8211; La Funnky Gomez &#8211; Dir. Axel Bracht<\/p>\n<p class=\"font_8\">2009 <strong>Choosen\/Virtual Diva<\/strong> &#8211; Don Omar &#8211; Dir. Carlos R. Perez<\/p>\n<p class=\"font_8\">2007<strong> Malito<\/strong> &#8211; Flavio La Mandinga &#8211; Dir. Lucas Paolino<\/p>\n<h4 class=\"font_8\">\u00a0<\/h4>\n<h4 class=\"font_8\"><strong>Mas de 80 Publicidades y Graficas nacionales e internacionales trabajando con productoras como : Argentina Cine, Virgen Films, Primo, Landia, Bdebueno, Rebolucion, Not Normal, Castadiva, Huinca, Cholo Films, Winona, Lungo Films, Oruga,\u00a0 La Doble, 24\/7,\u00a0 Goodgate Productions, Mama Hun<\/strong>gara, Viche, Red Creek, Fight Films, Tres Bien, Gloria Films, Metropolis Films, Furia Films, Struka, Turbo Trueno, Poster, Imaginaria Films, Albi\u00f1ana Films, entre otras.<\/h4>\n<p>[\/vc_column_text][\/vc_column][vc_column width=\u00bb1\/2&#8243;][vc_column_text]<\/p>\n<h4 class=\"font_8\">Dramaturgia<\/h4>\n<p lang=\"es-ES\">2016\u00a0<b>Mis perlas con mis rulos<\/b><\/p>\n<h4 class=\"font_8\">Libros<\/h4>\n<p lang=\"es-ES\">2024 <b>Indiana &amp; Coco, detectives de jard\u00edn &#8211; cuento infantil &#8211; <\/b>autora<\/p>\n<p lang=\"es-ES\">2024 <b>Qu\u00e9 cosa las estrellas &#8211; Antolog\u00eda\u00a0de cuentos &#8211;\u00a0<\/b>coautora<\/p>\n<h4 class=\"font_8\">\u00a0<\/h4>\n<h4 class=\"font_8\">\u00a0<\/h4>\n<h4 class=\"font_8\">Formaci\u00f3n<strong>\/ Training<\/strong><\/h4>\n<h4 class=\"font_8\"><strong>Teatro\/Theatre Lessons<\/strong><\/h4>\n<p class=\"font_8\">2017\/2023 Seminario de Actuaci\u00f3n con c\u00e1mara, Seminario Tecnica Chubbuck, Prof. Ernesto Dominguez<\/p>\n<p class=\"font_8\">2016 Seminario de Creaci\u00f3n de Personajes para cine y tv, Prof. Sabrina Farji<\/p>\n<p class=\"font_8\">2016 Seminario Intensivo de Verano Escuela de Nora Moseinco, Prof. Nora Moseinco<\/p>\n<p class=\"font_8\">2015 Martin Neuburger y Camila Gimenez Zapiola<\/p>\n<p class=\"font_8\">2011\/2013 Marcelo Savignone \u2013 Espacio Training I &amp; IV, Buf\u00f3n, Mascara balinesa, Mascara neutra; El actor y la m\u00e1scara; Improvisaci\u00f3n y clown-<\/p>\n<p class=\"font_8\">2012 Workshop \u201cMacbeth\u201d, Prof. Penny Cherns<\/p>\n<p class=\"font_8\">2012 Workshop \u201cActuando Shakespeare\u201d, Prof. Sergio Amigo y Daniel Kelly<\/p>\n<p class=\"font_8\">2009\/10 Escuela de Teatro Nora Moseinco, Prof. Julieta Gochman.<\/p>\n<p class=\"font_8\">2007\/08 Luis Agustoni<\/p>\n<h4 class=\"font_8\"><strong>Canto\/ Singing Lessons<\/strong><\/h4>\n<p class=\"font_8\">2012 &#8211; actualmente Lucila Gandolfo<\/p>\n<p class=\"font_8\">2004\/12 Escuela de Canto Argentina, Prof. Laura Neira, Andrea Lopez, Lilian Pajon, Susana Peralta, Susan Tribe<\/p>\n<h4 class=\"font_8\"><strong>Danza\/ Dancing Lessons<\/strong><\/h4>\n<p class=\"font_8\">2012\/13 FEMME STYLE\/ REGGAETON, Prof. Caro Amaya<\/p>\n<p class=\"font_8\">2005\/07 CLASICO, Prof. Sonia Von Potovski, Patricia Sarmiento, Gimena Renauld, Rita Caride<\/p>\n<p class=\"font_8\">2005\/11 JAZZ , Prof. Gustavo Zajac, Alejandro Zucci, Silvina Bara\u00f1ao<\/p>\n<p class=\"font_8\">2005\/06 THEATER DANCE, Prof. Vanesa Garc\u00eda Millan, Florencia Cella<\/p>\n<p class=\"font_8\">2005\/07 TAP, Prof. Natalia Mezzera, Melisa Galarce, Rodrigo Cristofaro<\/p>\n<p class=\"font_8\">2007\/08 ELONGACION, Prof. Laura Winter<\/p>\n<h4 class=\"font_8\"><strong>Otras Habilidades \/ Abilities<\/strong><\/h4>\n<p class=\"font_8\">Licencia de conducir<\/p>\n<p class=\"font_8\">Piano ( Prof: Mariano Barreiro, Marcelo Schnock )<\/p>\n<p class=\"font_8\">Nataci\u00f3n, Ashtanga Yoga, Tenis, Standup paddle y Hockey (C.U.B.A. federada 1995-2005).<\/p>\n<h4 class=\"font_8\"><strong>Idiomas \/ Languages<\/strong><\/h4>\n<p class=\"font_8\">&#8211; Ingl\u00e9s (Bilingue) International English Testing System (IELTS) y International General Certificate of Secondary Education (IGCSE)<\/p>\n<p class=\"font_8\">&#8211; Italiano, nivel intermedio\u00a0(Universidad de Buenos Aires)<\/p>\n<p class=\"font_8\">&#8211; Castellano Neutro (N\u00e9stor Zacco)<\/p>\n<h4 class=\"font_8\"><strong>Comedia Musical \/ Musical Theatre<\/strong><\/h4>\n<p class=\"font_8\">2011 Congreso Internacional de Musicales y Operas Rock (Becada para realizar el Congreso)<\/p>\n<p class=\"font_8\">2010 \u201cBroadway en Act and Art\u201d, Prof. Kathy Morath, Judy Blazer, Christopher Stephens<\/p>\n<p class=\"font_8\">2007 Postgrado en Comedia Musical, Dir. James Murray y Fernando Villanueva, Proscenio.<\/p>\n<p class=\"font_8\">2005\/06 Act &amp; Art Musical Theatre. Dir. Dario Petruzio<\/p>\n<h4 class=\"font_8\"><strong>Otros Estudios:<\/strong><\/h4>\n<p class=\"font_8\">2021 -2022 Escritura Narrativa &#8211; Club de Escritura La librodante &#8211; Beca Sagai<\/p>\n<p class=\"font_8\">2016 Dramaturgia, El cuerpo y la Escritura, Prof. Raquel Albeniz y Paula\u00a0Etchebehere, SAGAI<\/p>\n<p class=\"font_8\">2012 ABOGABA (UBA) Recibida en Derecho Internacional Publico y Derecho General.<\/p>\n<p class=\"font_8\">2009 Maquillaje y Peluquer\u00eda Teatral, Prof. Luis Fernando Garc\u00eda. Instituto Superior del Teatro Colon<\/p>\n<h4 class=\"font_8\">\u00a0<\/h4>\n<h4 class=\"font_8\"><strong>BECAS:<\/strong><\/h4>\n<p class=\"font_8\">2021 -2022 Beca Sagai para la Formaci\u00f3n de Artistas (Escritura Narrativa &#8211; Club de Escritura La librodante\u00a0)<\/p>\n<p>[\/vc_column_text][\/vc_column][\/vc_row]<\/p>\n\n\n<p><\/p>\n","protected":false},"excerpt":{"rendered":"<p>[vc_row][vc_column][vc_single_image image=\u00bb22801&#8243; img_size=\u00bblarge\u00bb alignment=\u00bbcenter\u00bb][vc_empty_space height=\u00bb20px\u00bb][\/vc_column][\/vc_row][vc_row][vc_column width=\u00bb1\/2&#8243;][vc_column_text] Cine\/Films 2014\u00a0La sombra en la ventana &#8211; Sandra &#8211; Dir. Gustavo Dardo Provitina &#8211; Prod: On Produccion Televisi\u00f3n 2019\/2020\/2021\u00a0Nivis, amigos de otro mundo &#8211; Personaje: Flor &#8211; Disney Junior Latinoamerica &#8211; Temporada 1-2 2019\u00a0El Host\u00a0&#8211; Temporada 2 &#8211; Fox&#8230;<\/p>\n","protected":false},"author":2,"featured_media":0,"parent":0,"menu_order":0,"comment_status":"open","ping_status":"open","template":"","meta":{"footnotes":""},"class_list":["post-21661","page","type-page","status-publish","hentry"],"_links":{"self":[{"href":"http:\/\/clarasaccone.com\/index.php?rest_route=\/wp\/v2\/pages\/21661","targetHints":{"allow":["GET"]}}],"collection":[{"href":"http:\/\/clarasaccone.com\/index.php?rest_route=\/wp\/v2\/pages"}],"about":[{"href":"http:\/\/clarasaccone.com\/index.php?rest_route=\/wp\/v2\/types\/page"}],"author":[{"embeddable":true,"href":"http:\/\/clarasaccone.com\/index.php?rest_route=\/wp\/v2\/users\/2"}],"replies":[{"embeddable":true,"href":"http:\/\/clarasaccone.com\/index.php?rest_route=%2Fwp%2Fv2%2Fcomments&post=21661"}],"version-history":[{"count":234,"href":"http:\/\/clarasaccone.com\/index.php?rest_route=\/wp\/v2\/pages\/21661\/revisions"}],"predecessor-version":[{"id":22999,"href":"http:\/\/clarasaccone.com\/index.php?rest_route=\/wp\/v2\/pages\/21661\/revisions\/22999"}],"wp:attachment":[{"href":"http:\/\/clarasaccone.com\/index.php?rest_route=%2Fwp%2Fv2%2Fmedia&parent=21661"}],"curies":[{"name":"wp","href":"https:\/\/api.w.org\/{rel}","templated":true}]}}